{"id":11632,"date":"2015-06-10T05:35:56","date_gmt":"2015-06-10T04:05:56","guid":{"rendered":"http:\/\/candas365.es\/noticias\/?page_id=11632"},"modified":"2019-11-09T03:46:23","modified_gmt":"2019-11-09T03:46:23","slug":"breve-historia","status":"publish","type":"page","link":"https:\/\/candas365.es\/noticias\/breve-historia\/","title":{"rendered":"Breve Historia"},"content":{"rendered":"<p data-start=\"345\" data-end=\"632\"><strong data-start=\"345\" data-end=\"358\">Te vamos a contar la historia de Cand\u00e1s365<\/strong> para que de ese modo nos conozcas mejor, el medio naci\u00f3 en el a\u00f1o <strong data-start=\"375\" data-end=\"383\">2012<\/strong> con una idea clara: ofrecer un medio de comunicaci\u00f3n digital que informara con rigor y cercan\u00eda a los <span style=\"color: #ff6600;\"><a style=\"color: #ff6600;\" href=\"https:\/\/candas365.es\/noticias\/category\/noticias-carreno\/\"><strong>vecinos de Cand\u00e1s y de toda Asturias<\/strong><\/a>,<\/span> pero tambi\u00e9n a quienes, desde cualquier parte del mundo, quisieran seguir la actualidad de nuestra tierra.<\/p>\n<figure id=\"attachment_188600\" aria-describedby=\"caption-attachment-188600\" style=\"width: 650px\" class=\"wp-caption aligncenter\"><img fetchpriority=\"high\" decoding=\"async\" class=\"size-large wp-image-188600\" src=\"https:\/\/candas365.es\/noticias\/wp-content\/uploads\/2025\/10\/Candas-365-historia-650x453.jpg\" alt=\"Cand\u00e1s 365 historia\" width=\"650\" height=\"453\" srcset=\"https:\/\/candas365.es\/noticias\/wp-content\/uploads\/2025\/10\/Candas-365-historia-650x453.jpg 650w, https:\/\/candas365.es\/noticias\/wp-content\/uploads\/2025\/10\/Candas-365-historia-360x251.jpg 360w, https:\/\/candas365.es\/noticias\/wp-content\/uploads\/2025\/10\/Candas-365-historia-768x535.jpg 768w, https:\/\/candas365.es\/noticias\/wp-content\/uploads\/2025\/10\/Candas-365-historia-150x104.jpg 150w, https:\/\/candas365.es\/noticias\/wp-content\/uploads\/2025\/10\/Candas-365-historia-450x313.jpg 450w, https:\/\/candas365.es\/noticias\/wp-content\/uploads\/2025\/10\/Candas-365-historia.jpg 912w\" sizes=\"(max-width: 650px) 100vw, 650px\" \/><figcaption id=\"caption-attachment-188600\" class=\"wp-caption-text\">Foto: Cand\u00e1s 365<\/figcaption><\/figure>\n<p data-start=\"634\" data-end=\"905\">Lo que comenz\u00f3 como un proyecto local ha ido creciendo paso a paso, consolid\u00e1ndose como un medio de referencia en el \u00e1mbito digital. <strong>Nuestro compromiso sigue intacto: dar voz a la realidad de Cand\u00e1s y su entorno, sin dejar de mirar al panorama nacional e internacional.<\/strong><\/p>\n<h2 data-start=\"907\" data-end=\"944\">Un equipo comprometido y cercano<\/h2>\n<p data-start=\"946\" data-end=\"1203\">Detr\u00e1s de Cand\u00e1s365 est\u00e1 <strong data-start=\"971\" data-end=\"989\">Nacho Berm\u00fadez<\/strong>, comunicador con varias d\u00e9cada de experiencia en el sector, acompa\u00f1ado de un <strong data-start=\"1070\" data-end=\"1096\">grupo de colaboradores<\/strong> que comparten la misma pasi\u00f3n por contar historias y acercar la actualidad de forma honesta y accesible.<\/p>\n<p data-start=\"1205\" data-end=\"1577\">A nuestro equipo humano se suman los contenidos que recibimos a trav\u00e9s de <strong data-start=\"1279\" data-end=\"1315\">agencias de noticias contratadas<\/strong> y de la colaboraci\u00f3n con instituciones como ayuntamientos, gobiernos regionales y organismos internacionales.<strong> Esta red de apoyo nos permite cubrir una gran diversidad de temas y garantizar que nuestros lectores tengan acceso a informaci\u00f3n veraz y actualizada.<\/strong><\/p>\n<blockquote>\n<p data-start=\"1579\" data-end=\"1786\">Un matiz importante que queremos remarcar: <strong data-start=\"1622\" data-end=\"1690\">no mantenemos colaboraci\u00f3n alguna con el Ayuntamiento de Carre\u00f1o<\/strong>, siendo este un ejemplo de nuestra l\u00ednea independiente, cr\u00edtica y libre de condicionamientos.<\/p>\n<\/blockquote>\n<h2 data-start=\"1788\" data-end=\"1834\">Un medio independiente y sin subvenciones<\/h2>\n<p data-start=\"1836\" data-end=\"2075\">Cand\u00e1s365 es un medio <strong data-start=\"1858\" data-end=\"1903\">privado, independiente y no subvencionado<\/strong>. Esto significa que no dependemos de ayudas p\u00fablicas ni de intereses pol\u00edticos, lo que nos permite mantener una voz libre, plural y abierta a la diversidad de opiniones.<\/p>\n<p data-start=\"2077\" data-end=\"2319\">Nuestra \u00fanica lealtad es hacia los lectores. Esa independencia nos da la fuerza para publicar con honestidad y para cumplir con nuestra responsabilidad como medio de comunicaci\u00f3n: <strong data-start=\"2257\" data-end=\"2316\">informar sin filtros, sin presiones y con transparencia<\/strong>.<\/p>\n<h2 data-start=\"2321\" data-end=\"2367\">Local y global: informaci\u00f3n sin fronteras<\/h2>\n<p data-start=\"2369\" data-end=\"2580\">Aunque nuestra ra\u00edz est\u00e1 en <strong data-start=\"2397\" data-end=\"2418\">Cand\u00e1s y Asturias<\/strong>, nunca hemos querido limitarnos. Entendemos que vivimos en un mundo interconectado y que lo que ocurre a miles de kil\u00f3metros tambi\u00e9n influye en nuestras vidas.<\/p>\n<p data-start=\"2582\" data-end=\"2911\">Por eso, en Cand\u00e1s365 ofrecemos tanto la <strong data-start=\"2623\" data-end=\"2656\">informaci\u00f3n local m\u00e1s cercana<\/strong> (noticias de nuestros barrios, concejos y comunidades vecinales) como la <strong data-start=\"2730\" data-end=\"2769\">actualidad nacional e internacional<\/strong>. Creemos que este equilibrio es esencial para un medio que quiere ser \u00fatil a sus vecinos, pero tambi\u00e9n atractivo para una audiencia global.<\/p>\n<h3 data-start=\"2913\" data-end=\"2936\">Informaci\u00f3n local<\/h3>\n<ul data-start=\"2937\" data-end=\"3217\">\n<li data-start=\"2937\" data-end=\"3065\">\n<p data-start=\"2939\" data-end=\"3065\">Cobertura de la vida municipal<\/p>\n<\/li>\n<li data-start=\"3066\" data-end=\"3129\">\n<p data-start=\"3068\" data-end=\"3129\">Cultura, deporte, sociedad y econom\u00eda de Cand\u00e1s y Asturias.<\/p>\n<\/li>\n<li data-start=\"3130\" data-end=\"3217\">\n<p data-start=\"3132\" data-end=\"3217\">Historias cercanas que ponen en valor a las personas y proyectos de nuestra tierra.<\/p>\n<\/li>\n<\/ul>\n<h3 data-start=\"3219\" data-end=\"3243\">Informaci\u00f3n global<\/h3>\n<ul data-start=\"3244\" data-end=\"3450\">\n<li data-start=\"3244\" data-end=\"3302\">\n<p data-start=\"3246\" data-end=\"3302\">Actualidad nacional, con un enfoque claro y accesible.<\/p>\n<\/li>\n<li data-start=\"3303\" data-end=\"3386\">\n<p data-start=\"3305\" data-end=\"3386\">Informaci\u00f3n internacional, en colaboraci\u00f3n con agencias y fuentes contrastadas.<\/p>\n<\/li>\n<li data-start=\"3387\" data-end=\"3450\">\n<p data-start=\"3389\" data-end=\"3450\">An\u00e1lisis de tendencias sociales, culturales y tecnol\u00f3gicas.<\/p>\n<\/li>\n<\/ul>\n<h2 data-start=\"3452\" data-end=\"3496\">Nuestra misi\u00f3n: informar con honestidad<\/h2>\n<p data-start=\"3498\" data-end=\"3681\">En un tiempo en el que las noticias falsas y la desinformaci\u00f3n circulan con facilidad, nuestra misi\u00f3n es m\u00e1s clara que nunca: <strong data-start=\"3624\" data-end=\"3678\">ofrecer informaci\u00f3n contrastada, \u00fatil y de calidad<\/strong>.<\/p>\n<p data-start=\"3683\" data-end=\"3846\">Queremos ser un medio al que nuestros vecinos y lectores acudan con confianza, sabiendo que lo que lean en Cand\u00e1s365 est\u00e1 respaldado por datos y fuentes fiables.<\/p>\n<h3 data-start=\"3848\" data-end=\"3887\">Valores que gu\u00edan nuestro trabajo<\/h3>\n<ul data-start=\"3888\" data-end=\"4272\">\n<li data-start=\"3888\" data-end=\"3958\">\n<p data-start=\"3890\" data-end=\"3958\"><strong data-start=\"3890\" data-end=\"3907\">Independencia<\/strong>: no aceptamos presiones pol\u00edticas ni econ\u00f3micas.<\/p>\n<\/li>\n<li data-start=\"3959\" data-end=\"4023\">\n<p data-start=\"3961\" data-end=\"4023\"><strong data-start=\"3961\" data-end=\"3973\">Cercan\u00eda<\/strong>: hablamos el mismo idioma que nuestros vecinos.<\/p>\n<\/li>\n<li data-start=\"4024\" data-end=\"4104\">\n<p data-start=\"4026\" data-end=\"4104\"><strong data-start=\"4026\" data-end=\"4040\">Pluralidad<\/strong>: creemos en una sociedad donde todas las voces tienen cabida.<\/p>\n<\/li>\n<li data-start=\"4105\" data-end=\"4191\">\n<p data-start=\"4107\" data-end=\"4191\"><strong data-start=\"4107\" data-end=\"4124\">Transparencia<\/strong>: explicamos c\u00f3mo trabajamos y de d\u00f3nde obtenemos la informaci\u00f3n.<\/p>\n<\/li>\n<li data-start=\"4192\" data-end=\"4272\">\n<p data-start=\"4194\" data-end=\"4272\"><strong data-start=\"4194\" data-end=\"4208\">Compromiso<\/strong>: con la verdad, con Asturias y con quienes nos leen cada d\u00eda.<\/p>\n<\/li>\n<\/ul>\n<h2 data-start=\"4274\" data-end=\"4298\">Un medio para todos<\/h2>\n<p data-start=\"4300\" data-end=\"4551\">Cand\u00e1s365 est\u00e1 pensado para ser un medio <strong data-start=\"4341\" data-end=\"4364\">accesible y abierto<\/strong>. Nuestro contenido es digital, lo que permite llegar tanto a quienes viven en Cand\u00e1s como a quienes se encuentran en cualquier lugar del mundo y quieren seguir conectados con Asturias.<\/p>\n<p data-start=\"4553\" data-end=\"4777\">Adem\u00e1s, creemos en el valor de la participaci\u00f3n ciudadana. Los vecinos y lectores pueden proponernos temas, enviarnos colaboraciones o se\u00f1alar cuestiones de inter\u00e9s local. Somos un medio <strong data-start=\"4740\" data-end=\"4774\">construido con y para la gente<\/strong>.<\/p>\n<h2 data-start=\"4779\" data-end=\"4822\">M\u00e1s de una d\u00e9cada de trabajo constante<\/h2>\n<p data-start=\"4824\" data-end=\"5151\">Desde 2012 hasta hoy hemos publicado miles de noticias, reportajes y contenidos de inter\u00e9s. No ha sido un camino sencillo, pero s\u00ed apasionante: hemos demostrado que un medio independiente y digital puede tener un lugar relevante en el panorama informativo asturiano y, al mismo tiempo, conectar con lectores en todo el mundo.<\/p>\n<p data-start=\"5153\" data-end=\"5351\">Cada paso dado en estos 13 a\u00f1os ha reforzado nuestra convicci\u00f3n: <strong data-start=\"5227\" data-end=\"5348\">el periodismo local tiene futuro cuando se combina con una mirada global y con una clara vocaci\u00f3n de servicio p\u00fablico<\/strong>.<\/p>\n<h2 data-start=\"5353\" data-end=\"5380\">Mirando hacia adelante<\/h2>\n<p data-start=\"5382\" data-end=\"5584\">Nuestro reto ahora es seguir creciendo sin perder nuestra esencia. Queremos ampliar nuestras secciones, mejorar la experiencia digital de nuestros lectores y reforzar la interacci\u00f3n en redes sociales.<\/p>\n<p data-start=\"5586\" data-end=\"5808\">Cand\u00e1s365 seguir\u00e1 siendo un medio <strong data-start=\"5620\" data-end=\"5663\">local y global, independiente y cercano<\/strong>, fiel a la idea que nos impuls\u00f3 en 2012: informar a nuestros vecinos y a todas las personas que quieran acompa\u00f1arnos en esta aventura digital.<\/p>\n","protected":false},"excerpt":{"rendered":"<p>Te vamos a contar la historia de Cand\u00e1s365 para que de ese modo nos conozcas mejor, el medio naci\u00f3 en el a\u00f1o 2012 con una idea clara: ofrecer un medio de comunicaci\u00f3n digital que informara con rigor y cercan\u00eda a los vecinos de Cand\u00e1s y de toda Asturias, pero tambi\u00e9n a quienes, desde cualquier parte<\/p>\n","protected":false},"author":1,"featured_media":0,"parent":0,"menu_order":0,"comment_status":"closed","ping_status":"closed","template":"","meta":{"footnotes":""},"class_list":["post-11632","page","type-page","status-publish"],"aioseo_notices":[],"aioseo_head":"\n\t\t<!-- All in One SEO Pro 4.9.6.2 - aioseo.com -->\n\t<meta name=\"description\" content=\"Te vamos a contar la historia de Cand\u00e1s365 para que de ese modo nos conozcas mejor, el medio naci\u00f3 en el a\u00f1o 2012 con una idea clara: ofrecer un medio\" \/>\n\t<meta name=\"robots\" content=\"max-image-preview:large\" \/>\n\t<meta name=\"google-site-verification\" content=\"UA-32230408-1\" \/>\n\t<meta name=\"msvalidate.01\" content=\"354F3CDFB2DA171B47FBE9ABF1F88D5\" \/>\n\t<link rel=\"canonical\" href=\"https:\/\/candas365.es\/noticias\/breve-historia\/\" \/>\n\t<meta name=\"generator\" content=\"All in One SEO Pro (AIOSEO) 4.9.6.2\" \/>\n\t\t<meta property=\"og:locale\" content=\"es_ES\" \/>\n\t\t<meta property=\"og:site_name\" content=\"Cand\u00e1s 365\" \/>\n\t\t<meta property=\"og:type\" content=\"article\" \/>\n\t\t<meta property=\"og:title\" content=\"Breve Historia | Cand\u00e1s 365\" \/>\n\t\t<meta property=\"og:description\" content=\"Te vamos a contar la historia de Cand\u00e1s365 para que de ese modo nos conozcas mejor, el medio naci\u00f3 en el a\u00f1o 2012 con una idea clara: ofrecer un medio\" \/>\n\t\t<meta property=\"og:url\" content=\"https:\/\/candas365.es\/noticias\/breve-historia\/\" \/>\n\t\t<meta property=\"og:image\" content=\"https:\/\/candas365.es\/noticias\/wp-content\/uploads\/2024\/09\/Candas-365-Redes.jpg\" \/>\n\t\t<meta property=\"og:image:secure_url\" content=\"https:\/\/candas365.es\/noticias\/wp-content\/uploads\/2024\/09\/Candas-365-Redes.jpg\" \/>\n\t\t<meta property=\"og:image:width\" content=\"1152\" \/>\n\t\t<meta property=\"og:image:height\" content=\"864\" \/>\n\t\t<meta property=\"article:published_time\" content=\"2015-06-10T04:05:56+00:00\" \/>\n\t\t<meta property=\"article:modified_time\" content=\"2019-11-09T03:46:23+00:00\" \/>\n\t\t<meta property=\"article:publisher\" content=\"https:\/\/www.facebook.com\/Nachofdezber\" \/>\n\t\t<meta property=\"article:author\" content=\"https:\/\/www.facebook.com\/carrenoactualidad\" \/>\n\t\t<meta name=\"twitter:card\" content=\"summary_large_image\" \/>\n\t\t<meta name=\"twitter:site\" content=\"@NabercoDigital\" \/>\n\t\t<meta name=\"twitter:title\" content=\"Breve Historia | Cand\u00e1s 365\" \/>\n\t\t<meta name=\"twitter:description\" content=\"Te vamos a contar la historia de Cand\u00e1s365 para que de ese modo nos conozcas mejor, el medio naci\u00f3 en el a\u00f1o 2012 con una idea clara: ofrecer un medio\" \/>\n\t\t<meta name=\"twitter:creator\" content=\"@nbasturias\" \/>\n\t\t<meta name=\"twitter:image\" content=\"https:\/\/candas365.es\/noticias\/wp-content\/uploads\/2024\/09\/Candas-365-Redes.jpg\" \/>\n\t\t<meta name=\"twitter:label1\" content=\"Escrito por\" \/>\n\t\t<meta name=\"twitter:data1\" content=\"Cand\u00e1s 365\" \/>\n\t\t<meta name=\"twitter:label2\" content=\"Tiempo de lectura estimado\" \/>\n\t\t<meta name=\"twitter:data2\" content=\"4 minutos\" \/>\n\t\t<script type=\"application\/ld+json\" class=\"aioseo-schema\">\n\t\t\t{\"@context\":\"https:\\\/\\\/schema.org\",\"@graph\":[{\"@type\":\"BreadcrumbList\",\"@id\":\"https:\\\/\\\/candas365.es\\\/noticias\\\/breve-historia\\\/#breadcrumblist\",\"itemListElement\":[{\"@type\":\"ListItem\",\"@id\":\"https:\\\/\\\/candas365.es\\\/noticias#listItem\",\"position\":1,\"name\":\"Home\",\"item\":\"https:\\\/\\\/candas365.es\\\/noticias\",\"nextItem\":{\"@type\":\"ListItem\",\"@id\":\"https:\\\/\\\/candas365.es\\\/noticias\\\/breve-historia\\\/#listItem\",\"name\":\"Breve Historia\"}},{\"@type\":\"ListItem\",\"@id\":\"https:\\\/\\\/candas365.es\\\/noticias\\\/breve-historia\\\/#listItem\",\"position\":2,\"name\":\"Breve Historia\",\"previousItem\":{\"@type\":\"ListItem\",\"@id\":\"https:\\\/\\\/candas365.es\\\/noticias#listItem\",\"name\":\"Home\"}}]},{\"@type\":\"Organization\",\"@id\":\"https:\\\/\\\/candas365.es\\\/noticias\\\/#organization\",\"name\":\"Cand\\u00e1s 365\",\"description\":\"Cand\\u00e1s 365 es un diario digital independiente, fundado en 2012, con base en Asturias. Informamos con rigor sobre actualidad, sociedad, cultura y ocio, con una mirada local y global.\",\"url\":\"https:\\\/\\\/candas365.es\\\/noticias\\\/\",\"email\":\"info@candas365.es\",\"telephone\":\"+34652131393\",\"foundingDate\":\"2012-06-10\",\"logo\":{\"@type\":\"ImageObject\",\"url\":\"https:\\\/\\\/candas365.es\\\/noticias\\\/wp-content\\\/uploads\\\/2024\\\/09\\\/Candas-365-Redes.jpg\",\"@id\":\"https:\\\/\\\/candas365.es\\\/noticias\\\/breve-historia\\\/#organizationLogo\",\"width\":1152,\"height\":864,\"caption\":\"Cand\\u00e1s 365 Redes\"},\"image\":{\"@id\":\"https:\\\/\\\/candas365.es\\\/noticias\\\/breve-historia\\\/#organizationLogo\"},\"sameAs\":[\"https:\\\/\\\/www.facebook.com\\\/Nachofdezber\",\"https:\\\/\\\/x.com\\\/NabercoDigital\",\"https:\\\/\\\/www.instagram.com\\\/nachofdezber\\\/\",\"https:\\\/\\\/www.youtube.com\\\/channel\\\/UCZP-2wLEB9Rv6erhFmqVnvg\"],\"address\":{\"@id\":\"https:\\\/\\\/candas365.es\\\/noticias\\\/#postaladdress\",\"@type\":\"PostalAddress\",\"streetAddress\":\"san antonio 4, san antonio 4\",\"postalCode\":\"33430\",\"addressLocality\":\"Cand\\u00e1s\",\"addressRegion\":\"Asturias\",\"addressCountry\":\"ES\"}},{\"@type\":\"WebPage\",\"@id\":\"https:\\\/\\\/candas365.es\\\/noticias\\\/breve-historia\\\/#webpage\",\"url\":\"https:\\\/\\\/candas365.es\\\/noticias\\\/breve-historia\\\/\",\"name\":\"Breve Historia | Cand\\u00e1s 365\",\"description\":\"Te vamos a contar la historia de Cand\\u00e1s365 para que de ese modo nos conozcas mejor, el medio naci\\u00f3 en el a\\u00f1o 2012 con una idea clara: ofrecer un medio\",\"inLanguage\":\"es-ES\",\"isPartOf\":{\"@id\":\"https:\\\/\\\/candas365.es\\\/noticias\\\/#website\"},\"breadcrumb\":{\"@id\":\"https:\\\/\\\/candas365.es\\\/noticias\\\/breve-historia\\\/#breadcrumblist\"},\"datePublished\":\"2015-06-10T05:35:56+02:00\",\"dateModified\":\"2019-11-09T03:46:23+01:00\"},{\"@type\":\"WebSite\",\"@id\":\"https:\\\/\\\/candas365.es\\\/noticias\\\/#website\",\"url\":\"https:\\\/\\\/candas365.es\\\/noticias\\\/\",\"name\":\"Cand\\u00e1s 365\",\"alternateName\":\"Cand\\u00e1s 365 Noticias\",\"description\":\"Actualidad desde Carre\\u00f1o para el mundo\",\"inLanguage\":\"es-ES\",\"publisher\":{\"@id\":\"https:\\\/\\\/candas365.es\\\/noticias\\\/#organization\"}}]}\n\t\t<\/script>\n\t\t<!-- All in One SEO Pro -->\r\n\t\t<title>Breve Historia | Cand\u00e1s 365<\/title>\n\n","aioseo_head_json":{"title":"Breve Historia | Cand\u00e1s 365","description":"Te vamos a contar la historia de Cand\u00e1s365 para que de ese modo nos conozcas mejor, el medio naci\u00f3 en el a\u00f1o 2012 con una idea clara: ofrecer un medio","canonical_url":"https:\/\/candas365.es\/noticias\/breve-historia\/","robots":"max-image-preview:large","keywords":"","webmasterTools":{"google-site-verification":"UA-32230408-1","msvalidate.01":"354F3CDFB2DA171B47FBE9ABF1F88D5","miscellaneous":""},"schema":{"@context":"https:\/\/schema.org","@graph":[{"@type":"BreadcrumbList","@id":"https:\/\/candas365.es\/noticias\/breve-historia\/#breadcrumblist","itemListElement":[{"@type":"ListItem","@id":"https:\/\/candas365.es\/noticias#listItem","position":1,"name":"Home","item":"https:\/\/candas365.es\/noticias","nextItem":{"@type":"ListItem","@id":"https:\/\/candas365.es\/noticias\/breve-historia\/#listItem","name":"Breve Historia"}},{"@type":"ListItem","@id":"https:\/\/candas365.es\/noticias\/breve-historia\/#listItem","position":2,"name":"Breve Historia","previousItem":{"@type":"ListItem","@id":"https:\/\/candas365.es\/noticias#listItem","name":"Home"}}]},{"@type":"Organization","@id":"https:\/\/candas365.es\/noticias\/#organization","name":"Cand\u00e1s 365","description":"Cand\u00e1s 365 es un diario digital independiente, fundado en 2012, con base en Asturias. Informamos con rigor sobre actualidad, sociedad, cultura y ocio, con una mirada local y global.","url":"https:\/\/candas365.es\/noticias\/","email":"info@candas365.es","telephone":"+34652131393","foundingDate":"2012-06-10","logo":{"@type":"ImageObject","url":"https:\/\/candas365.es\/noticias\/wp-content\/uploads\/2024\/09\/Candas-365-Redes.jpg","@id":"https:\/\/candas365.es\/noticias\/breve-historia\/#organizationLogo","width":1152,"height":864,"caption":"Cand\u00e1s 365 Redes"},"image":{"@id":"https:\/\/candas365.es\/noticias\/breve-historia\/#organizationLogo"},"sameAs":["https:\/\/www.facebook.com\/Nachofdezber","https:\/\/x.com\/NabercoDigital","https:\/\/www.instagram.com\/nachofdezber\/","https:\/\/www.youtube.com\/channel\/UCZP-2wLEB9Rv6erhFmqVnvg"],"address":{"@id":"https:\/\/candas365.es\/noticias\/#postaladdress","@type":"PostalAddress","streetAddress":"san antonio 4, san antonio 4","postalCode":"33430","addressLocality":"Cand\u00e1s","addressRegion":"Asturias","addressCountry":"ES"}},{"@type":"WebPage","@id":"https:\/\/candas365.es\/noticias\/breve-historia\/#webpage","url":"https:\/\/candas365.es\/noticias\/breve-historia\/","name":"Breve Historia | Cand\u00e1s 365","description":"Te vamos a contar la historia de Cand\u00e1s365 para que de ese modo nos conozcas mejor, el medio naci\u00f3 en el a\u00f1o 2012 con una idea clara: ofrecer un medio","inLanguage":"es-ES","isPartOf":{"@id":"https:\/\/candas365.es\/noticias\/#website"},"breadcrumb":{"@id":"https:\/\/candas365.es\/noticias\/breve-historia\/#breadcrumblist"},"datePublished":"2015-06-10T05:35:56+02:00","dateModified":"2019-11-09T03:46:23+01:00"},{"@type":"WebSite","@id":"https:\/\/candas365.es\/noticias\/#website","url":"https:\/\/candas365.es\/noticias\/","name":"Cand\u00e1s 365","alternateName":"Cand\u00e1s 365 Noticias","description":"Actualidad desde Carre\u00f1o para el mundo","inLanguage":"es-ES","publisher":{"@id":"https:\/\/candas365.es\/noticias\/#organization"}}]},"og:locale":"es_ES","og:site_name":"Cand\u00e1s 365","og:type":"article","og:title":"Breve Historia | Cand\u00e1s 365","og:description":"Te vamos a contar la historia de Cand\u00e1s365 para que de ese modo nos conozcas mejor, el medio naci\u00f3 en el a\u00f1o 2012 con una idea clara: ofrecer un medio","og:url":"https:\/\/candas365.es\/noticias\/breve-historia\/","og:image":"https:\/\/candas365.es\/noticias\/wp-content\/uploads\/2024\/09\/Candas-365-Redes.jpg","og:image:secure_url":"https:\/\/candas365.es\/noticias\/wp-content\/uploads\/2024\/09\/Candas-365-Redes.jpg","og:image:width":1152,"og:image:height":864,"article:published_time":"2015-06-10T04:05:56+00:00","article:modified_time":"2019-11-09T03:46:23+00:00","article:publisher":"https:\/\/www.facebook.com\/Nachofdezber","article:author":"https:\/\/www.facebook.com\/carrenoactualidad","twitter:card":"summary_large_image","twitter:site":"@NabercoDigital","twitter:title":"Breve Historia | Cand\u00e1s 365","twitter:description":"Te vamos a contar la historia de Cand\u00e1s365 para que de ese modo nos conozcas mejor, el medio naci\u00f3 en el a\u00f1o 2012 con una idea clara: ofrecer un medio","twitter:creator":"@nbasturias","twitter:image":"https:\/\/candas365.es\/noticias\/wp-content\/uploads\/2024\/09\/Candas-365-Redes.jpg","twitter:label1":"Escrito por","twitter:data1":"Cand\u00e1s 365","twitter:label2":"Tiempo de lectura estimado","twitter:data2":"4 minutos"},"aioseo_meta_data":{"post_id":"11632","title":null,"description":"Te vamos a contar la historia de Cand\u00e1s365 para que de ese modo nos conozcas mejor, el medio naci\u00f3 en el a\u00f1o 2012 con una idea clara: ofrecer un medio","keywords":null,"keyphrases":{"focus":{"keyphrase":"historia","score":78,"analysis":{"keyphraseInTitle":{"score":9,"maxScore":9,"error":0},"keyphraseInDescription":{"score":9,"maxScore":9,"error":0},"keyphraseLength":{"score":9,"maxScore":9,"error":0,"length":1},"keyphraseInURL":{"score":5,"maxScore":5,"error":0},"keyphraseInIntroduction":{"score":9,"maxScore":9,"error":0},"keyphraseInSubHeadings":{"score":3,"maxScore":9,"error":1},"keyphraseInImageAlt":{"score":9,"maxScore":9,"error":0},"keywordDensity":{"score":0,"type":"low","maxScore":9,"error":1}}},"additional":[{"keyphrase":"Cand\u00e1s365","score":87,"analysis":{"keyphraseInDescription":{"score":9,"maxScore":9,"error":0},"keyphraseLength":{"score":9,"maxScore":9,"error":0,"length":2},"keyphraseInIntroduction":{"score":9,"maxScore":9,"error":0},"keyphraseInImageAlt":{"score":3,"maxScore":9,"error":1},"keywordDensity":{"type":"best","score":9,"maxScore":9,"error":0}}},{"keyphrase":"Cand\u00e1s","score":87,"analysis":{"keyphraseInDescription":{"score":3,"maxScore":9,"error":1},"keyphraseLength":{"score":9,"maxScore":9,"error":0,"length":2},"keyphraseInIntroduction":{"score":9,"maxScore":9,"error":0},"keyphraseInImageAlt":{"score":9,"maxScore":9,"error":0},"keywordDensity":{"type":"best","score":9,"maxScore":9,"error":0}}}]},"primary_term":null,"canonical_url":null,"og_title":null,"og_description":null,"og_object_type":"default","og_image_type":"default","og_image_url":null,"og_image_width":null,"og_image_height":null,"og_image_custom_url":null,"og_image_custom_fields":null,"og_video":"","og_custom_url":null,"og_article_section":null,"og_article_tags":null,"twitter_use_og":false,"twitter_card":"default","twitter_image_type":"default","twitter_image_url":null,"twitter_image_custom_url":null,"twitter_image_custom_fields":null,"twitter_title":null,"twitter_description":null,"schema":{"blockGraphs":[],"customGraphs":[],"default":{"data":{"Article":[],"Course":[],"Dataset":[],"FAQPage":[],"Movie":[],"Person":[],"Product":[],"ProductReview":[],"Car":[],"Recipe":[],"Service":[],"SoftwareApplication":[],"WebPage":[]},"graphName":"WebPage","isEnabled":true},"graphs":[]},"schema_type":"default","schema_type_options":"{\"article\":{\"articleType\":\"BlogPosting\"},\"course\":{\"name\":\"\",\"description\":\"\",\"provider\":\"\"},\"faq\":{\"pages\":[]},\"product\":{\"reviews\":[]},\"recipe\":{\"ingredients\":[],\"instructions\":[],\"keywords\":[]},\"software\":{\"reviews\":[],\"operatingSystems\":[]},\"webPage\":{\"webPageType\":\"WebPage\"}}","pillar_content":false,"robots_default":true,"robots_noindex":false,"robots_noarchive":false,"robots_nosnippet":false,"robots_nofollow":false,"robots_noimageindex":false,"robots_noodp":false,"robots_notranslate":false,"robots_max_snippet":"-1","robots_max_videopreview":"-1","robots_max_imagepreview":"large","priority":null,"frequency":"default","location":null,"local_seo":null,"seo_analyzer_scan_date":"2025-10-08 15:17:20","breadcrumb_settings":null,"limit_modified_date":true,"reviewed_by":null,"open_ai":null,"ai":{"faqs":[],"keyPoints":[],"titles":[],"descriptions":[],"socialPosts":{"email":[],"linkedin":[],"twitter":[],"facebook":[],"instagram":[]}},"created":"2020-12-21 10:36:58","updated":"2025-10-08 15:17:20"},"aioseo_breadcrumb":"<div class=\"aioseo-breadcrumbs\"><span class=\"aioseo-breadcrumb\">\n\t<a href=\"https:\/\/candas365.es\/noticias\" title=\"Home\">Home<\/a>\n<\/span><span class=\"aioseo-breadcrumb-separator\">&ndash;<\/span><span class=\"aioseo-breadcrumb\">\n\tBreve Historia\n<\/span><\/div>","aioseo_breadcrumb_json":[{"label":"Home","link":"https:\/\/candas365.es\/noticias"},{"label":"Breve Historia","link":"https:\/\/candas365.es\/noticias\/breve-historia\/"}],"_links":{"self":[{"href":"https:\/\/candas365.es\/noticias\/wp-json\/wp\/v2\/pages\/11632","targetHints":{"allow":["GET"]}}],"collection":[{"href":"https:\/\/candas365.es\/noticias\/wp-json\/wp\/v2\/pages"}],"about":[{"href":"https:\/\/candas365.es\/noticias\/wp-json\/wp\/v2\/types\/page"}],"author":[{"embeddable":true,"href":"https:\/\/candas365.es\/noticias\/wp-json\/wp\/v2\/users\/1"}],"replies":[{"embeddable":true,"href":"https:\/\/candas365.es\/noticias\/wp-json\/wp\/v2\/comments?post=11632"}],"version-history":[{"count":0,"href":"https:\/\/candas365.es\/noticias\/wp-json\/wp\/v2\/pages\/11632\/revisions"}],"wp:attachment":[{"href":"https:\/\/candas365.es\/noticias\/wp-json\/wp\/v2\/media?parent=11632"}],"curies":[{"name":"wp","href":"https:\/\/api.w.org\/{rel}","templated":true}]}}